{"id":33,"date":"2024-11-27T16:10:55","date_gmt":"2024-11-27T16:10:55","guid":{"rendered":"https:\/\/b27.joaolamares.com\/?page_id=33"},"modified":"2025-02-03T12:20:09","modified_gmt":"2025-02-03T12:20:09","slug":"o-plano","status":"publish","type":"page","link":"https:\/\/b27.joaolamares.com\/index.php\/o-plano\/","title":{"rendered":"O Plano"},"content":{"rendered":"\n<h4 class=\"wp-block-heading western\">2024\/2025 Prepara\u00e7\u00e3o inicial<\/h4>\n\n\n\n<p>O final do ano de 2024 e o ano de 2025, s\u00e3o destinados \u00e0 montagem e prepara\u00e7\u00e3o do projeto.<\/p>\n\n\n\n<p>No meu caso, tenho de cuidar da minha condi\u00e7\u00e3o f\u00edsica, come\u00e7ando por construir uma boa base de condi\u00e7\u00e3o aer\u00f3bica e refor\u00e7o muscular geral. Capacidade de assegurar longas horas sentado no selim, realiza\u00e7\u00e3o e gest\u00e3o do esfor\u00e7o em percursos de quilometragem m\u00e9dia a longa com diferentes desn\u00edveis.<\/p>\n\n\n\n<p>Nesta fase inicial (final de 2024) e dadas as limitadas condi\u00e7\u00f5es materiais (nomeadamente a inexist\u00eancia de uma bicicleta capaz de sair para a estrada), o treino \u00e9 feito em rolo interativo (smart trainer tacx vortex) onde est\u00e1 montada uma bicicleta Zeus Road 2000 com transmiss\u00e3o Campagnolo Avanti de 2&#215;8 velocidades (39\/52 na frente e 12\/23 na roda traseira) e aplica\u00e7\u00e3o Rouvy (com uma quilometragem semanal n\u00e3o inferior a 200km e um acumulado n\u00e3o inferior a 1500m). Os resultados deste treino s\u00e3o guardados na aplica\u00e7\u00e3o Strava para seguimento, avalia\u00e7\u00e3o e an\u00e1lise.<\/p>\n\n\n\n<p>No ano de 2025, est\u00e1 projetada a aquisi\u00e7\u00e3o de uma bicicleta de gravel que permita a sa\u00edda para estrada. Os treinos em estrada est\u00e3o desenhados para a zona de Cascais e Sintra, Nomeadamente para a serra de Sintra, onde existem diversos percursos de gravel e estrada com diferentes graus de dificuldade, onde ser\u00e1 poss\u00edvel a prepara\u00e7\u00e3o das habilidades necess\u00e1rias.<\/p>\n\n\n\n<p>A bicicleta escolhida \u00e9, entre as diversas analisadas, uma Welt G80 com 2&#215;10 velocidades (34\/50 na frente e 11\/28 na roda traseira) .<\/p>\n\n\n\n<p>Este modelo tem quadro em alum\u00ednio com forqueta em carbono, trav\u00f5es de disco mec\u00e2nicos e cablagem interna.<\/p>\n\n\n\n<p>Ainda em 2025 est\u00e3o previstas as primeiras sa\u00eddas de longa dist\u00e2ncia n\u00e3o competitivas.<\/p>\n\n\n\n<h4 class=\"wp-block-heading\">2026 Primeiras provas.<\/h4>\n\n\n\n<p>Em 2026, est\u00e1 pensada a realiza\u00e7\u00e3o das primeiras provas de gravel. A ideia \u00e9 adquirir experi\u00eancia e ganhar alguma visibilidade, de forma a permitir algum retorno a todos os sponsors do projeto.<\/p>\n\n\n\n<h4 class=\"wp-block-heading\">2027 Prepara\u00e7\u00e3o final<\/h4>\n\n\n\n<p>O ano de 2027 ser\u00e1 o ano de prepara\u00e7\u00e3o final e espec\u00edfica para a realiza\u00e7\u00e3o da primeira tentativa na Badlands.<\/p>\n\n\n\n<p class=\"western\">Neste ano a prepara\u00e7\u00e3o n\u00e3o se resumir\u00e1 apenas \u00e0 condi\u00e7\u00e3o f\u00edsica e t\u00e9cnica, mas tamb\u00e9m aos h\u00e1bitos alimentares, prepara\u00e7\u00e3o mental e habilidades mec\u00e2nicas.<\/p>\n","protected":false},"excerpt":{"rendered":"<p>2024\/2025 Prepara\u00e7\u00e3o inicial O final do ano de 2024 e o ano de 2025, s\u00e3o destinados \u00e0 montagem e prepara\u00e7\u00e3o do projeto. No meu caso, tenho de cuidar da minha condi\u00e7\u00e3o f\u00edsica, come\u00e7ando por construir uma boa base de condi\u00e7\u00e3o aer\u00f3bica e refor\u00e7o muscular geral. Capacidade de assegurar longas horas sentado no selim, realiza\u00e7\u00e3o e [&hellip;]<\/p>\n","protected":false},"author":1,"featured_media":17,"parent":0,"menu_order":0,"comment_status":"closed","ping_status":"closed","template":"page-wide","meta":{"footnotes":""},"class_list":["post-33","page","type-page","status-publish","has-post-thumbnail","hentry"],"_links":{"self":[{"href":"https:\/\/b27.joaolamares.com\/index.php\/wp-json\/wp\/v2\/pages\/33","targetHints":{"allow":["GET"]}}],"collection":[{"href":"https:\/\/b27.joaolamares.com\/index.php\/wp-json\/wp\/v2\/pages"}],"about":[{"href":"https:\/\/b27.joaolamares.com\/index.php\/wp-json\/wp\/v2\/types\/page"}],"author":[{"embeddable":true,"href":"https:\/\/b27.joaolamares.com\/index.php\/wp-json\/wp\/v2\/users\/1"}],"replies":[{"embeddable":true,"href":"https:\/\/b27.joaolamares.com\/index.php\/wp-json\/wp\/v2\/comments?post=33"}],"version-history":[{"count":7,"href":"https:\/\/b27.joaolamares.com\/index.php\/wp-json\/wp\/v2\/pages\/33\/revisions"}],"predecessor-version":[{"id":223,"href":"https:\/\/b27.joaolamares.com\/index.php\/wp-json\/wp\/v2\/pages\/33\/revisions\/223"}],"wp:featuredmedia":[{"embeddable":true,"href":"https:\/\/b27.joaolamares.com\/index.php\/wp-json\/wp\/v2\/media\/17"}],"wp:attachment":[{"href":"https:\/\/b27.joaolamares.com\/index.php\/wp-json\/wp\/v2\/media?parent=33"}],"curies":[{"name":"wp","href":"https:\/\/api.w.org\/{rel}","templated":true}]}}